{"id":10559,"date":"2025-10-27T21:35:31","date_gmt":"2025-10-27T20:35:31","guid":{"rendered":"https:\/\/movementarena.pl\/gdansk\/?page_id=10559"},"modified":"2026-01-18T21:38:43","modified_gmt":"2026-01-18T20:38:43","slug":"ferie-zimowe-2026","status":"publish","type":"page","link":"https:\/\/movementarena.pl\/gdansk\/ferie-zimowe-2026\/","title":{"rendered":"Ferie Zimowe 2026 &#8211; Strona"},"content":{"rendered":"\t\t<div data-elementor-type=\"wp-page\" data-elementor-id=\"10559\" class=\"elementor elementor-10559\" data-elementor-post-type=\"page\">\n\t\t\t\t\t\t\t\t\t<section class=\"elementor-section elementor-top-section elementor-element elementor-element-8f7f46a elementor-section-stretched elementor-section-boxed elementor-section-height-default elementor-section-height-default\" data-id=\"8f7f46a\" data-element_type=\"section\" data-settings=\"{&quot;stretch_section&quot;:&quot;section-stretched&quot;,&quot;background_background&quot;:&quot;gradient&quot;}\">\n\t\t\t\t\t\t<div class=\"elementor-container elementor-column-gap-default\">\n\t\t\t\t\t<div class=\"elementor-column elementor-col-50 elementor-top-column elementor-element elementor-element-3a04945\" data-id=\"3a04945\" data-element_type=\"column\">\n\t\t\t<div class=\"elementor-widget-wrap elementor-element-populated\">\n\t\t\t\t\t\t\t\t<div class=\"elementor-element elementor-element-6ec66c5 elementor-widget elementor-widget-image\" data-id=\"6ec66c5\" data-element_type=\"widget\" data-widget_type=\"image.default\">\n\t\t\t\t<div class=\"elementor-widget-container\">\n\t\t\t\t\t\t\t\t\t\t\t\t\t\t\t<img loading=\"lazy\" decoding=\"async\" width=\"1414\" height=\"2000\" src=\"https:\/\/movementarena.pl\/gdansk\/wp-content\/uploads\/2025\/10\/Ferie_Zimowe_2026-plakat.jpg\" class=\"attachment-full size-full wp-image-10552\" alt=\"\" srcset=\"https:\/\/movementarena.pl\/gdansk\/wp-content\/uploads\/2025\/10\/Ferie_Zimowe_2026-plakat.jpg 1414w, https:\/\/movementarena.pl\/gdansk\/wp-content\/uploads\/2025\/10\/Ferie_Zimowe_2026-plakat-212x300.jpg 212w, https:\/\/movementarena.pl\/gdansk\/wp-content\/uploads\/2025\/10\/Ferie_Zimowe_2026-plakat-1061x1500.jpg 1061w, https:\/\/movementarena.pl\/gdansk\/wp-content\/uploads\/2025\/10\/Ferie_Zimowe_2026-plakat-768x1086.jpg 768w, https:\/\/movementarena.pl\/gdansk\/wp-content\/uploads\/2025\/10\/Ferie_Zimowe_2026-plakat-1086x1536.jpg 1086w, https:\/\/movementarena.pl\/gdansk\/wp-content\/uploads\/2025\/10\/Ferie_Zimowe_2026-plakat-600x849.jpg 600w\" sizes=\"auto, (max-width: 1414px) 100vw, 1414px\" \/>\t\t\t\t\t\t\t\t\t\t\t\t\t\t\t<\/div>\n\t\t\t\t<\/div>\n\t\t\t\t\t<\/div>\n\t\t<\/div>\n\t\t\t\t<div class=\"elementor-column elementor-col-50 elementor-top-column elementor-element elementor-element-7c25a59\" data-id=\"7c25a59\" data-element_type=\"column\" data-settings=\"{&quot;background_background&quot;:&quot;classic&quot;}\">\n\t\t\t<div class=\"elementor-widget-wrap elementor-element-populated\">\n\t\t\t\t\t\t\t\t<div class=\"elementor-element elementor-element-8409ce6 elementor-widget elementor-widget-heading\" data-id=\"8409ce6\" data-element_type=\"widget\" data-widget_type=\"heading.default\">\n\t\t\t\t<div class=\"elementor-widget-container\">\n\t\t\t<h3 class=\"elementor-heading-title elementor-size-default\">SPORTOWE FERIE ZIMOWE<\/h3>\t\t<\/div>\n\t\t\t\t<\/div>\n\t\t\t\t<div class=\"elementor-element elementor-element-a365ebc elementor-widget elementor-widget-text-editor\" data-id=\"a365ebc\" data-element_type=\"widget\" data-widget_type=\"text-editor.default\">\n\t\t\t\t<div class=\"elementor-widget-container\">\n\t\t\t\t\t\t\t<ul><li>5 dni \u015bwietnej zabawy<\/li><li>Sta\u0142a opieka naszych animator\u00f3w i trener\u00f3w parkour, kt\u00f3rzy wprowadz\u0105 dzieci w \u015bwiat zabawy ruchem<\/li><li>Przygotowany plan treningowy<\/li><li>Codziennie inna atrakcja specjalna<\/li><li>Wspania\u0142a sala zapewni r\u00f3\u017cnorodno\u015b\u0107 zaj\u0119\u0107 i brak nudy<\/li><\/ul><h5><em>Je\u015bli Twoje dziecko mie\u015bci si\u0119 w przedziale wiekowym od 7 do 14 lat to czekamy i zapraszamy Was serdecznie !!!<\/em><\/h5>\t\t\t\t\t\t<\/div>\n\t\t\t\t<\/div>\n\t\t\t\t<div class=\"elementor-element elementor-element-14a585f elementor-widget-divider--view-line_text elementor-widget-divider--element-align-center elementor-widget elementor-widget-divider\" data-id=\"14a585f\" data-element_type=\"widget\" data-widget_type=\"divider.default\">\n\t\t\t\t<div class=\"elementor-widget-container\">\n\t\t\t\t\t<div class=\"elementor-divider\">\n\t\t\t<span class=\"elementor-divider-separator\">\n\t\t\t\t\t\t\t<span class=\"elementor-divider__text elementor-divider__element\">\n\t\t\t\tTERMINY\t\t\t\t<\/span>\n\t\t\t\t\t\t<\/span>\n\t\t<\/div>\n\t\t\t\t<\/div>\n\t\t\t\t<\/div>\n\t\t\t\t<div class=\"elementor-element elementor-element-b8ebbf8 elementor-widget elementor-widget-heading\" data-id=\"b8ebbf8\" data-element_type=\"widget\" data-widget_type=\"heading.default\">\n\t\t\t\t<div class=\"elementor-widget-container\">\n\t\t\t<h4 class=\"elementor-heading-title elementor-size-default\">Turnus I: BRAK MIEJSC<\/h4>\t\t<\/div>\n\t\t\t\t<\/div>\n\t\t\t\t<div class=\"elementor-element elementor-element-005d61f elementor-widget elementor-widget-heading\" data-id=\"005d61f\" data-element_type=\"widget\" data-widget_type=\"heading.default\">\n\t\t\t\t<div class=\"elementor-widget-container\">\n\t\t\t<h4 class=\"elementor-heading-title elementor-size-default\">Turnus II: BRAK MIEJSC<\/h4>\t\t<\/div>\n\t\t\t\t<\/div>\n\t\t\t\t<div class=\"elementor-element elementor-element-08adb6a elementor-button-info elementor-align-center elementor-hidden-desktop elementor-hidden-tablet elementor-hidden-mobile elementor-invisible elementor-widget elementor-widget-button\" data-id=\"08adb6a\" data-element_type=\"widget\" data-settings=\"{&quot;_animation&quot;:&quot;zoomIn&quot;}\" data-widget_type=\"button.default\">\n\t\t\t\t<div class=\"elementor-widget-container\">\n\t\t\t\t\t<div class=\"elementor-button-wrapper\">\n\t\t\t<a class=\"elementor-button elementor-button-link elementor-size-xl\" href=\"https:\/\/movementarena.pl\/gdansk\/ferie-zimowe-2026-zapisy\">\n\t\t\t\t\t\t<span class=\"elementor-button-content-wrapper\">\n\t\t\t\t\t\t<span class=\"elementor-button-text\">Zapisz si\u0119!<\/span>\n\t\t<\/span>\n\t\t\t\t\t<\/a>\n\t\t<\/div>\n\t\t\t\t<\/div>\n\t\t\t\t<\/div>\n\t\t\t\t<div class=\"elementor-element elementor-element-6e9e5a0 elementor-widget elementor-widget-heading\" data-id=\"6e9e5a0\" data-element_type=\"widget\" data-widget_type=\"heading.default\">\n\t\t\t\t<div class=\"elementor-widget-container\">\n\t\t\t<h4 class=\"elementor-heading-title elementor-size-default\">Cena: 899 z\u0142<\/h4>\t\t<\/div>\n\t\t\t\t<\/div>\n\t\t\t\t<section class=\"elementor-section elementor-inner-section elementor-element elementor-element-bee7f6b elementor-section-boxed elementor-section-height-default elementor-section-height-default\" data-id=\"bee7f6b\" data-element_type=\"section\">\n\t\t\t\t\t\t<div class=\"elementor-container elementor-column-gap-default\">\n\t\t\t\t\t<div class=\"elementor-column elementor-col-50 elementor-inner-column elementor-element elementor-element-65cb721\" data-id=\"65cb721\" data-element_type=\"column\" data-settings=\"{&quot;background_background&quot;:&quot;classic&quot;}\">\n\t\t\t<div class=\"elementor-widget-wrap elementor-element-populated\">\n\t\t\t\t\t\t\t\t<div class=\"elementor-element elementor-element-0e57675 elementor-widget elementor-widget-heading\" data-id=\"0e57675\" data-element_type=\"widget\" data-widget_type=\"heading.default\">\n\t\t\t\t<div class=\"elementor-widget-container\">\n\t\t\t<h4 class=\"elementor-heading-title elementor-size-default\">dla os\u00f3b, kt\u00f3re maj\u0105 karnet na nasze zaj\u0119cia<\/h4>\t\t<\/div>\n\t\t\t\t<\/div>\n\t\t\t\t\t<\/div>\n\t\t<\/div>\n\t\t\t\t<div class=\"elementor-column elementor-col-50 elementor-inner-column elementor-element elementor-element-f3c0029\" data-id=\"f3c0029\" data-element_type=\"column\">\n\t\t\t<div class=\"elementor-widget-wrap elementor-element-populated\">\n\t\t\t\t\t\t\t\t<div class=\"elementor-element elementor-element-a7d384b elementor-widget elementor-widget-heading\" data-id=\"a7d384b\" data-element_type=\"widget\" data-widget_type=\"heading.default\">\n\t\t\t\t<div class=\"elementor-widget-container\">\n\t\t\t<h4 class=\"elementor-heading-title elementor-size-default\">cena: <b>849 z\u0142<\/b><\/h4>\t\t<\/div>\n\t\t\t\t<\/div>\n\t\t\t\t\t<\/div>\n\t\t<\/div>\n\t\t\t\t\t\t\t<\/div>\n\t\t<\/section>\n\t\t\t\t<section class=\"elementor-section elementor-inner-section elementor-element elementor-element-ba88fd2 elementor-section-content-middle elementor-section-boxed elementor-section-height-default elementor-section-height-default\" data-id=\"ba88fd2\" data-element_type=\"section\">\n\t\t\t\t\t\t<div class=\"elementor-container elementor-column-gap-default\">\n\t\t\t\t\t<div class=\"elementor-column elementor-col-50 elementor-inner-column elementor-element elementor-element-212493d\" data-id=\"212493d\" data-element_type=\"column\" data-settings=\"{&quot;background_background&quot;:&quot;classic&quot;}\">\n\t\t\t<div class=\"elementor-widget-wrap elementor-element-populated\">\n\t\t\t\t\t\t\t\t<div class=\"elementor-element elementor-element-b473886 elementor-widget elementor-widget-heading\" data-id=\"b473886\" data-element_type=\"widget\" data-widget_type=\"heading.default\">\n\t\t\t\t<div class=\"elementor-widget-container\">\n\t\t\t<h4 class=\"elementor-heading-title elementor-size-default\">w przypadku zapisania rodze\u0144stwa<\/h4>\t\t<\/div>\n\t\t\t\t<\/div>\n\t\t\t\t\t<\/div>\n\t\t<\/div>\n\t\t\t\t<div class=\"elementor-column elementor-col-50 elementor-inner-column elementor-element elementor-element-8b636e9\" data-id=\"8b636e9\" data-element_type=\"column\">\n\t\t\t<div class=\"elementor-widget-wrap elementor-element-populated\">\n\t\t\t\t\t\t\t\t<div class=\"elementor-element elementor-element-47bfb93 elementor-widget elementor-widget-heading\" data-id=\"47bfb93\" data-element_type=\"widget\" data-widget_type=\"heading.default\">\n\t\t\t\t<div class=\"elementor-widget-container\">\n\t\t\t<h4 class=\"elementor-heading-title elementor-size-default\">cena: <b>849 z\u0142\/os.<\/b><\/h4>\t\t<\/div>\n\t\t\t\t<\/div>\n\t\t\t\t\t<\/div>\n\t\t<\/div>\n\t\t\t\t\t\t\t<\/div>\n\t\t<\/section>\n\t\t\t\t\t<\/div>\n\t\t<\/div>\n\t\t\t\t\t\t\t<\/div>\n\t\t<\/section>\n\t\t\t\t<section class=\"elementor-section elementor-top-section elementor-element elementor-element-4a8dfb6 elementor-section-full_width elementor-section-stretched elementor-section-height-default elementor-section-height-default\" data-id=\"4a8dfb6\" data-element_type=\"section\" data-settings=\"{&quot;stretch_section&quot;:&quot;section-stretched&quot;}\">\n\t\t\t\t\t\t<div class=\"elementor-container elementor-column-gap-default\">\n\t\t\t\t\t<div class=\"elementor-column elementor-col-100 elementor-top-column elementor-element elementor-element-a2990a6\" data-id=\"a2990a6\" data-element_type=\"column\">\n\t\t\t<div class=\"elementor-widget-wrap elementor-element-populated\">\n\t\t\t\t\t\t\t\t<div class=\"elementor-element elementor-element-fd52afc elementor-widget-divider--view-line_text elementor-widget-divider--element-align-center elementor-widget elementor-widget-divider\" data-id=\"fd52afc\" data-element_type=\"widget\" data-widget_type=\"divider.default\">\n\t\t\t\t<div class=\"elementor-widget-container\">\n\t\t\t\t\t<div class=\"elementor-divider\">\n\t\t\t<span class=\"elementor-divider-separator\">\n\t\t\t\t\t\t\t<span class=\"elementor-divider__text elementor-divider__element\">\n\t\t\t\tPROGRAM OBEJMUJE\t\t\t\t<\/span>\n\t\t\t\t\t\t<\/span>\n\t\t<\/div>\n\t\t\t\t<\/div>\n\t\t\t\t<\/div>\n\t\t\t\t\t<\/div>\n\t\t<\/div>\n\t\t\t\t\t\t\t<\/div>\n\t\t<\/section>\n\t\t\t\t<section class=\"elementor-section elementor-top-section elementor-element elementor-element-e475b4a elementor-section-stretched elementor-section-boxed elementor-section-height-default elementor-section-height-default\" data-id=\"e475b4a\" data-element_type=\"section\" data-settings=\"{&quot;stretch_section&quot;:&quot;section-stretched&quot;,&quot;background_background&quot;:&quot;classic&quot;}\">\n\t\t\t\t\t\t<div class=\"elementor-container elementor-column-gap-default\">\n\t\t\t\t\t<div class=\"elementor-column elementor-col-50 elementor-top-column elementor-element elementor-element-8702087\" data-id=\"8702087\" data-element_type=\"column\">\n\t\t\t<div class=\"elementor-widget-wrap elementor-element-populated\">\n\t\t\t\t\t\t\t\t<div class=\"elementor-element elementor-element-e1a505f elementor-widget elementor-widget-text-editor\" data-id=\"e1a505f\" data-element_type=\"widget\" data-widget_type=\"text-editor.default\">\n\t\t\t\t<div class=\"elementor-widget-container\">\n\t\t\t\t\t\t\t<ol><li><p>Opiek\u0119 animatora od <strong>7:30 &#8211; 17:00.<\/strong><\/p><\/li><li><p>Codzienne treningi <strong>parkour i akrobatyki.<\/strong><\/p><\/li><li><p><strong>ATRAKCJ\u0118 DNIA<\/strong> &#8211; ka\u017cdy dzie\u0144 to nowa dawka niezapomnianych wra\u017ce\u0144!<\/p><\/li><li><p><strong>Gry i zabawy<\/strong> animowane przez trener\u00f3w Klubu Sportowego Movement.<\/p><\/li><li><p><strong>Ciep\u0142y obiad<\/strong> (zupa + drugie danie), batonik.<\/p><\/li><li><p>Wykwalifikowan\u0105 kadr\u0119.<\/p><\/li><li><p>T-shirt \ud83d\ude42<\/p><\/li><li><p>Na zako\u0144czenie <strong>prezent<\/strong> &#8211; niespodzianka dla ka\u017cdego z uczestnik\u00f3w!<\/p><\/li><\/ol>\t\t\t\t\t\t<\/div>\n\t\t\t\t<\/div>\n\t\t\t\t\t<\/div>\n\t\t<\/div>\n\t\t\t\t<div class=\"elementor-column elementor-col-50 elementor-top-column elementor-element elementor-element-25739e8\" data-id=\"25739e8\" data-element_type=\"column\">\n\t\t\t<div class=\"elementor-widget-wrap elementor-element-populated\">\n\t\t\t\t\t\t\t\t<div class=\"elementor-element elementor-element-1ac584f elementor-widget elementor-widget-image\" data-id=\"1ac584f\" data-element_type=\"widget\" data-widget_type=\"image.default\">\n\t\t\t\t<div class=\"elementor-widget-container\">\n\t\t\t\t\t\t\t\t\t\t\t\t\t\t\t<img loading=\"lazy\" decoding=\"async\" width=\"1000\" height=\"750\" src=\"https:\/\/movementarena.pl\/gdansk\/wp-content\/uploads\/2021\/04\/MA_pol_13-17VII-39.jpg\" class=\"attachment-large size-large wp-image-3213\" alt=\"\" srcset=\"https:\/\/movementarena.pl\/gdansk\/wp-content\/uploads\/2021\/04\/MA_pol_13-17VII-39.jpg 1000w, https:\/\/movementarena.pl\/gdansk\/wp-content\/uploads\/2021\/04\/MA_pol_13-17VII-39-600x450.jpg 600w, https:\/\/movementarena.pl\/gdansk\/wp-content\/uploads\/2021\/04\/MA_pol_13-17VII-39-300x225.jpg 300w, https:\/\/movementarena.pl\/gdansk\/wp-content\/uploads\/2021\/04\/MA_pol_13-17VII-39-768x576.jpg 768w\" sizes=\"auto, (max-width: 1000px) 100vw, 1000px\" \/>\t\t\t\t\t\t\t\t\t\t\t\t\t\t\t<\/div>\n\t\t\t\t<\/div>\n\t\t\t\t\t<\/div>\n\t\t<\/div>\n\t\t\t\t\t\t\t<\/div>\n\t\t<\/section>\n\t\t\t\t<section class=\"elementor-section elementor-top-section elementor-element elementor-element-643e316 elementor-section-full_width elementor-section-stretched elementor-section-height-default elementor-section-height-default\" data-id=\"643e316\" data-element_type=\"section\" data-settings=\"{&quot;stretch_section&quot;:&quot;section-stretched&quot;}\">\n\t\t\t\t\t\t<div class=\"elementor-container elementor-column-gap-default\">\n\t\t\t\t\t<div class=\"elementor-column elementor-col-100 elementor-top-column elementor-element elementor-element-57fa387\" data-id=\"57fa387\" data-element_type=\"column\">\n\t\t\t<div class=\"elementor-widget-wrap elementor-element-populated\">\n\t\t\t\t\t\t\t\t<div class=\"elementor-element elementor-element-a940333 elementor-widget-divider--view-line_text elementor-widget-divider--element-align-center elementor-widget elementor-widget-divider\" data-id=\"a940333\" data-element_type=\"widget\" data-widget_type=\"divider.default\">\n\t\t\t\t<div class=\"elementor-widget-container\">\n\t\t\t\t\t<div class=\"elementor-divider\">\n\t\t\t<span class=\"elementor-divider-separator\">\n\t\t\t\t\t\t\t<span class=\"elementor-divider__text elementor-divider__element\">\n\t\t\t\tHARMONOGRAM DNIA\t\t\t\t<\/span>\n\t\t\t\t\t\t<\/span>\n\t\t<\/div>\n\t\t\t\t<\/div>\n\t\t\t\t<\/div>\n\t\t\t\t\t<\/div>\n\t\t<\/div>\n\t\t\t\t\t\t\t<\/div>\n\t\t<\/section>\n\t\t\t\t<section class=\"elementor-section elementor-top-section elementor-element elementor-element-05a8404 elementor-section-stretched elementor-section-boxed elementor-section-height-default elementor-section-height-default\" data-id=\"05a8404\" data-element_type=\"section\" data-settings=\"{&quot;stretch_section&quot;:&quot;section-stretched&quot;,&quot;background_background&quot;:&quot;classic&quot;}\">\n\t\t\t\t\t\t<div class=\"elementor-container elementor-column-gap-default\">\n\t\t\t\t\t<div class=\"elementor-column elementor-col-50 elementor-top-column elementor-element elementor-element-4bf633f\" data-id=\"4bf633f\" data-element_type=\"column\">\n\t\t\t<div class=\"elementor-widget-wrap elementor-element-populated\">\n\t\t\t\t\t\t\t\t<div class=\"elementor-element elementor-element-cc79f9f elementor-widget elementor-widget-image\" data-id=\"cc79f9f\" data-element_type=\"widget\" data-widget_type=\"image.default\">\n\t\t\t\t<div class=\"elementor-widget-container\">\n\t\t\t\t\t\t\t\t\t\t\t\t\t\t\t<img loading=\"lazy\" decoding=\"async\" width=\"768\" height=\"1024\" src=\"https:\/\/movementarena.pl\/gdansk\/wp-content\/uploads\/2022\/10\/Ferie_Zimowe_2022-II_turnus-1-768x1024.jpg\" class=\"attachment-medium_large size-medium_large wp-image-6341\" alt=\"\" srcset=\"https:\/\/movementarena.pl\/gdansk\/wp-content\/uploads\/2022\/10\/Ferie_Zimowe_2022-II_turnus-1-768x1024.jpg 768w, https:\/\/movementarena.pl\/gdansk\/wp-content\/uploads\/2022\/10\/Ferie_Zimowe_2022-II_turnus-1-scaled-600x800.jpg 600w, https:\/\/movementarena.pl\/gdansk\/wp-content\/uploads\/2022\/10\/Ferie_Zimowe_2022-II_turnus-1-225x300.jpg 225w, https:\/\/movementarena.pl\/gdansk\/wp-content\/uploads\/2022\/10\/Ferie_Zimowe_2022-II_turnus-1-300x400.jpg 300w, https:\/\/movementarena.pl\/gdansk\/wp-content\/uploads\/2022\/10\/Ferie_Zimowe_2022-II_turnus-1-1152x1536.jpg 1152w, https:\/\/movementarena.pl\/gdansk\/wp-content\/uploads\/2022\/10\/Ferie_Zimowe_2022-II_turnus-1-1536x2048.jpg 1536w, https:\/\/movementarena.pl\/gdansk\/wp-content\/uploads\/2022\/10\/Ferie_Zimowe_2022-II_turnus-1-scaled.jpg 1920w\" sizes=\"auto, (max-width: 768px) 100vw, 768px\" \/>\t\t\t\t\t\t\t\t\t\t\t\t\t\t\t<\/div>\n\t\t\t\t<\/div>\n\t\t\t\t\t<\/div>\n\t\t<\/div>\n\t\t\t\t<div class=\"elementor-column elementor-col-50 elementor-top-column elementor-element elementor-element-7886686\" data-id=\"7886686\" data-element_type=\"column\">\n\t\t\t<div class=\"elementor-widget-wrap elementor-element-populated\">\n\t\t\t\t\t\t\t\t<div class=\"elementor-element elementor-element-a8814d2 elementor-widget elementor-widget-text-editor\" data-id=\"a8814d2\" data-element_type=\"widget\" data-widget_type=\"text-editor.default\">\n\t\t\t\t<div class=\"elementor-widget-container\">\n\t\t\t\t\t\t\t<h4><span class=\"m_-6202620654046076531s_B9221CD1\"><strong>7:30 &#8211; 8:30<\/strong> &#8211; Zbieramy si\u0119, bajka.<\/span><\/h4><h4><span class=\"m_-6202620654046076531s_B9221CD1\"><strong>8:30 &#8211;\u00a0 8:45<\/strong> &#8211; Om\u00f3wienie planu dnia.<\/span><\/h4><h4><span class=\"m_-6202620654046076531s_B9221CD1\"><strong>8:45 &#8211; 9:30<\/strong> &#8211; Poranna rozgrzewka.<\/span><\/h4><h4><span class=\"m_-6202620654046076531s_B9221CD1\"><strong>9:30 &#8211; 10:00<\/strong> &#8211; Drugie \u015bniadanie, przyniesione z domku.<\/span><\/h4><h4><span class=\"m_-6202620654046076531s_B9221CD1\"><strong>10:00 &#8211; 11:30<\/strong>\u00a0&#8211; I blok treningowy Parkour.<\/span><\/h4><h4><span class=\"m_-6202620654046076531s_B9221CD1\"><strong>11:30 &#8211; 12:00<\/strong> &#8211;\u00a0 Przegryzamy g\u0142oda \ud83d\ude42<\/span><\/h4><h4><span class=\"m_-6202620654046076531s_B9221CD1\"><strong>12:00 &#8211; 13:30<\/strong> &#8211; Atrakcja Dnia.<\/span><\/h4><h4><span class=\"m_-6202620654046076531s_B9221CD1\"><strong>13:30 &#8211; 14:30<\/strong> &#8211; Obiad.<\/span><\/h4><h4><span class=\"m_-6202620654046076531s_B9221CD1\"><strong>14:30 &#8211; 15:00<\/strong> &#8211; Przerwa poobiednia.<\/span><\/h4><h4><span class=\"m_-6202620654046076531s_B9221CD1\"><strong>15:00 &#8211; 16:30<\/strong> &#8211; II blok treningowy Parkour.<\/span><\/h4><h4><span class=\"m_-6202620654046076531s_BE40FC82\"><strong>16:30 &#8211; 17:00<\/strong> &#8211; Czas wolny na obiekcie, rozchodzimy si\u0119 do dom\u00f3w.<\/span><\/h4>\t\t\t\t\t\t<\/div>\n\t\t\t\t<\/div>\n\t\t\t\t<div class=\"elementor-element elementor-element-9eddd10 elementor-button-info elementor-align-center elementor-hidden-desktop elementor-hidden-tablet elementor-hidden-mobile elementor-invisible elementor-widget elementor-widget-button\" data-id=\"9eddd10\" data-element_type=\"widget\" data-settings=\"{&quot;_animation&quot;:&quot;zoomIn&quot;}\" data-widget_type=\"button.default\">\n\t\t\t\t<div class=\"elementor-widget-container\">\n\t\t\t\t\t<div class=\"elementor-button-wrapper\">\n\t\t\t<a class=\"elementor-button elementor-button-link elementor-size-xl\" href=\"https:\/\/movementarena.pl\/gdansk\/ferie-zimowe-2026-zapisy\">\n\t\t\t\t\t\t<span class=\"elementor-button-content-wrapper\">\n\t\t\t\t\t\t<span class=\"elementor-button-text\">Zapisz si\u0119!<\/span>\n\t\t<\/span>\n\t\t\t\t\t<\/a>\n\t\t<\/div>\n\t\t\t\t<\/div>\n\t\t\t\t<\/div>\n\t\t\t\t\t<\/div>\n\t\t<\/div>\n\t\t\t\t\t\t\t<\/div>\n\t\t<\/section>\n\t\t\t\t<section class=\"elementor-section elementor-top-section elementor-element elementor-element-fa5b8cd elementor-section-stretched elementor-section-boxed elementor-section-height-default elementor-section-height-default\" data-id=\"fa5b8cd\" data-element_type=\"section\" data-settings=\"{&quot;stretch_section&quot;:&quot;section-stretched&quot;,&quot;background_background&quot;:&quot;classic&quot;}\">\n\t\t\t\t\t\t<div class=\"elementor-container elementor-column-gap-default\">\n\t\t\t\t\t<div class=\"elementor-column elementor-col-100 elementor-top-column elementor-element elementor-element-7be79e6\" data-id=\"7be79e6\" data-element_type=\"column\">\n\t\t\t<div class=\"elementor-widget-wrap elementor-element-populated\">\n\t\t\t\t\t\t\t\t<div class=\"elementor-element elementor-element-ed4d8ee elementor-widget-divider--view-line_text elementor-widget-divider--element-align-center elementor-widget elementor-widget-divider\" data-id=\"ed4d8ee\" data-element_type=\"widget\" data-widget_type=\"divider.default\">\n\t\t\t\t<div class=\"elementor-widget-container\">\n\t\t\t\t\t<div class=\"elementor-divider\">\n\t\t\t<span class=\"elementor-divider-separator\">\n\t\t\t\t\t\t\t<span class=\"elementor-divider__text elementor-divider__element\">\n\t\t\t\tZapraszamy do obejrzenia filmu z naszych p\u00f3\u0142kolonii!\t\t\t\t<\/span>\n\t\t\t\t\t\t<\/span>\n\t\t<\/div>\n\t\t\t\t<\/div>\n\t\t\t\t<\/div>\n\t\t\t\t<div class=\"elementor-element elementor-element-b785189 elementor-widget elementor-widget-video\" data-id=\"b785189\" data-element_type=\"widget\" data-settings=\"{&quot;youtube_url&quot;:&quot;https:\\\/\\\/www.youtube.com\\\/watch?v=aZIfPiNaaso&quot;,&quot;video_type&quot;:&quot;youtube&quot;,&quot;controls&quot;:&quot;yes&quot;}\" data-widget_type=\"video.default\">\n\t\t\t\t<div class=\"elementor-widget-container\">\n\t\t\t\t\t<div class=\"elementor-wrapper elementor-open-inline\">\n\t\t\t<div class=\"elementor-video\"><\/div>\t\t<\/div>\n\t\t\t\t<\/div>\n\t\t\t\t<\/div>\n\t\t\t\t\t<\/div>\n\t\t<\/div>\n\t\t\t\t\t\t\t<\/div>\n\t\t<\/section>\n\t\t\t\t\t\t\t<\/div>\n\t\t","protected":false},"excerpt":{"rendered":"<p>SPORTOWE FERIE ZIMOWE 5 dni \u015bwietnej zabawy Sta\u0142a opieka naszych animator\u00f3w i trener\u00f3w parkour, kt\u00f3rzy wprowadz\u0105 dzieci w \u015bwiat zabawy ruchem Przygotowany plan treningowy Codziennie inna atrakcja specjalna Wspania\u0142a sala zapewni r\u00f3\u017cnorodno\u015b\u0107 zaj\u0119\u0107 i brak nudy Je\u015bli Twoje dziecko mie\u015bci si\u0119 w przedziale wiekowym od 7 do 14 lat to czekamy i zapraszamy Was serdecznie&#8230;<\/p>\n","protected":false},"author":1,"featured_media":0,"parent":0,"menu_order":0,"comment_status":"closed","ping_status":"closed","template":"","meta":{"_mi_skip_tracking":false,"_monsterinsights_sitenote_active":false,"_monsterinsights_sitenote_note":"","_monsterinsights_sitenote_category":0,"_mbp_gutenberg_autopost":false,"footnotes":""},"class_list":["post-10559","page","type-page","status-publish","hentry"],"yoast_head":"<!-- This site is optimized with the Yoast SEO plugin v23.4 - https:\/\/yoast.com\/wordpress\/plugins\/seo\/ -->\n<title>Ferie Zimowe 2026 - Strona - Movement Arena - Parkour | trampoliny | kalistenika | fitness. - Zaj\u0119cia sportowe parkour dla dzieci<\/title>\n<meta name=\"description\" content=\"Movement Arena to pierwsza sala do parkour w Polsce. Bezpieczne przeszkody, trampoliny, strefa ta\u0144ca z lustrami. Zapraszamy na zaj\u0119cia sportowe dla dzieci - parkour, trampoliny, skoki na poduch\u0119 powietrzn\u0105! Sportowe urodziny dla dzieci.\" \/>\n<meta name=\"robots\" content=\"index, follow, max-snippet:-1, max-image-preview:large, max-video-preview:-1\" \/>\n<link rel=\"canonical\" href=\"https:\/\/movementarena.pl\/gdansk\/ferie-zimowe-2026\/\" \/>\n<meta property=\"og:locale\" content=\"pl_PL\" \/>\n<meta property=\"og:type\" content=\"article\" \/>\n<meta property=\"og:title\" content=\"Ferie Zimowe 2026 - Strona - Movement Arena - Parkour | trampoliny | kalistenika | fitness. - Zaj\u0119cia sportowe parkour dla dzieci\" \/>\n<meta property=\"og:description\" content=\"Movement Arena to pierwsza sala do parkour w Polsce. Bezpieczne przeszkody, trampoliny, strefa ta\u0144ca z lustrami. Zapraszamy na zaj\u0119cia sportowe dla dzieci - parkour, trampoliny, skoki na poduch\u0119 powietrzn\u0105! Sportowe urodziny dla dzieci.\" \/>\n<meta property=\"og:url\" content=\"https:\/\/movementarena.pl\/gdansk\/ferie-zimowe-2026\/\" \/>\n<meta property=\"og:site_name\" content=\"Movement Arena - Parkour | trampoliny | kalistenika | fitness.\" \/>\n<meta property=\"article:publisher\" content=\"https:\/\/www.facebook.com\/movementarena\/\" \/>\n<meta property=\"article:modified_time\" content=\"2026-01-18T20:38:43+00:00\" \/>\n<meta property=\"og:image\" content=\"https:\/\/movementarena.pl\/gdansk\/wp-content\/uploads\/2025\/10\/Ferie_Zimowe_2026-plakat.jpg\" \/>\n<meta name=\"twitter:card\" content=\"summary_large_image\" \/>\n<meta name=\"twitter:label1\" content=\"Szacowany czas czytania\" \/>\n\t<meta name=\"twitter:data1\" content=\"2 minuty\" \/>\n<script type=\"application\/ld+json\" class=\"yoast-schema-graph\">{\"@context\":\"https:\/\/schema.org\",\"@graph\":[{\"@type\":\"WebPage\",\"@id\":\"https:\/\/movementarena.pl\/gdansk\/ferie-zimowe-2026\/\",\"url\":\"https:\/\/movementarena.pl\/gdansk\/ferie-zimowe-2026\/\",\"name\":\"Ferie Zimowe 2026 - Strona - Movement Arena - Parkour | trampoliny | kalistenika | fitness. - Zaj\u0119cia sportowe parkour dla dzieci\",\"isPartOf\":{\"@id\":\"https:\/\/movementarena.pl\/gdansk\/#website\"},\"primaryImageOfPage\":{\"@id\":\"https:\/\/movementarena.pl\/gdansk\/ferie-zimowe-2026\/#primaryimage\"},\"image\":{\"@id\":\"https:\/\/movementarena.pl\/gdansk\/ferie-zimowe-2026\/#primaryimage\"},\"thumbnailUrl\":\"https:\/\/movementarena.pl\/gdansk\/wp-content\/uploads\/2025\/10\/Ferie_Zimowe_2026-plakat.jpg\",\"datePublished\":\"2025-10-27T20:35:31+00:00\",\"dateModified\":\"2026-01-18T20:38:43+00:00\",\"description\":\"Movement Arena to pierwsza sala do parkour w Polsce. Bezpieczne przeszkody, trampoliny, strefa ta\u0144ca z lustrami. Zapraszamy na zaj\u0119cia sportowe dla dzieci - parkour, trampoliny, skoki na poduch\u0119 powietrzn\u0105! Sportowe urodziny dla dzieci.\",\"breadcrumb\":{\"@id\":\"https:\/\/movementarena.pl\/gdansk\/ferie-zimowe-2026\/#breadcrumb\"},\"inLanguage\":\"pl-PL\",\"potentialAction\":[{\"@type\":\"ReadAction\",\"target\":[\"https:\/\/movementarena.pl\/gdansk\/ferie-zimowe-2026\/\"]}]},{\"@type\":\"ImageObject\",\"inLanguage\":\"pl-PL\",\"@id\":\"https:\/\/movementarena.pl\/gdansk\/ferie-zimowe-2026\/#primaryimage\",\"url\":\"https:\/\/movementarena.pl\/gdansk\/wp-content\/uploads\/2025\/10\/Ferie_Zimowe_2026-plakat.jpg\",\"contentUrl\":\"https:\/\/movementarena.pl\/gdansk\/wp-content\/uploads\/2025\/10\/Ferie_Zimowe_2026-plakat.jpg\",\"width\":1414,\"height\":2000},{\"@type\":\"BreadcrumbList\",\"@id\":\"https:\/\/movementarena.pl\/gdansk\/ferie-zimowe-2026\/#breadcrumb\",\"itemListElement\":[{\"@type\":\"ListItem\",\"position\":1,\"name\":\"Strona g\u0142\u00f3wna\",\"item\":\"https:\/\/movementarena.pl\/gdansk\/\"},{\"@type\":\"ListItem\",\"position\":2,\"name\":\"Ferie Zimowe 2026 &#8211; Strona\"}]},{\"@type\":\"WebSite\",\"@id\":\"https:\/\/movementarena.pl\/gdansk\/#website\",\"url\":\"https:\/\/movementarena.pl\/gdansk\/\",\"name\":\"Movement Arena - Parkour | trampoliny | kalistenika | fitness.\",\"description\":\"Zaj\u0119cia sportowe dla dzieci | Parkour | Trampoliny\",\"publisher\":{\"@id\":\"https:\/\/movementarena.pl\/gdansk\/#organization\"},\"alternateName\":\"Movement Arena Gda\u0144sk\",\"potentialAction\":[{\"@type\":\"SearchAction\",\"target\":{\"@type\":\"EntryPoint\",\"urlTemplate\":\"https:\/\/movementarena.pl\/gdansk\/?s={search_term_string}\"},\"query-input\":{\"@type\":\"PropertyValueSpecification\",\"valueRequired\":true,\"valueName\":\"search_term_string\"}}],\"inLanguage\":\"pl-PL\"},{\"@type\":\"Organization\",\"@id\":\"https:\/\/movementarena.pl\/gdansk\/#organization\",\"name\":\"Movement Arena\",\"url\":\"https:\/\/movementarena.pl\/gdansk\/\",\"logo\":{\"@type\":\"ImageObject\",\"inLanguage\":\"pl-PL\",\"@id\":\"https:\/\/movementarena.pl\/gdansk\/#\/schema\/logo\/image\/\",\"url\":\"https:\/\/movementarena.pl\/gdansk\/wp-content\/uploads\/2021\/02\/logo-MovementArena-skrocone.jpg\",\"contentUrl\":\"https:\/\/movementarena.pl\/gdansk\/wp-content\/uploads\/2021\/02\/logo-MovementArena-skrocone.jpg\",\"width\":884,\"height\":843,\"caption\":\"Movement Arena\"},\"image\":{\"@id\":\"https:\/\/movementarena.pl\/gdansk\/#\/schema\/logo\/image\/\"},\"sameAs\":[\"https:\/\/www.facebook.com\/movementarena\/\",\"https:\/\/www.instagram.com\/movementarena\/\"]}]}<\/script>\n<!-- \/ Yoast SEO plugin. -->","yoast_head_json":{"title":"Ferie Zimowe 2026 - Strona - Movement Arena - Parkour | trampoliny | kalistenika | fitness. - Zaj\u0119cia sportowe parkour dla dzieci","description":"Movement Arena to pierwsza sala do parkour w Polsce. Bezpieczne przeszkody, trampoliny, strefa ta\u0144ca z lustrami. Zapraszamy na zaj\u0119cia sportowe dla dzieci - parkour, trampoliny, skoki na poduch\u0119 powietrzn\u0105! Sportowe urodziny dla dzieci.","robots":{"index":"index","follow":"follow","max-snippet":"max-snippet:-1","max-image-preview":"max-image-preview:large","max-video-preview":"max-video-preview:-1"},"canonical":"https:\/\/movementarena.pl\/gdansk\/ferie-zimowe-2026\/","og_locale":"pl_PL","og_type":"article","og_title":"Ferie Zimowe 2026 - Strona - Movement Arena - Parkour | trampoliny | kalistenika | fitness. - Zaj\u0119cia sportowe parkour dla dzieci","og_description":"Movement Arena to pierwsza sala do parkour w Polsce. Bezpieczne przeszkody, trampoliny, strefa ta\u0144ca z lustrami. Zapraszamy na zaj\u0119cia sportowe dla dzieci - parkour, trampoliny, skoki na poduch\u0119 powietrzn\u0105! Sportowe urodziny dla dzieci.","og_url":"https:\/\/movementarena.pl\/gdansk\/ferie-zimowe-2026\/","og_site_name":"Movement Arena - Parkour | trampoliny | kalistenika | fitness.","article_publisher":"https:\/\/www.facebook.com\/movementarena\/","article_modified_time":"2026-01-18T20:38:43+00:00","og_image":[{"url":"https:\/\/movementarena.pl\/gdansk\/wp-content\/uploads\/2025\/10\/Ferie_Zimowe_2026-plakat.jpg"}],"twitter_card":"summary_large_image","twitter_misc":{"Szacowany czas czytania":"2 minuty"},"schema":{"@context":"https:\/\/schema.org","@graph":[{"@type":"WebPage","@id":"https:\/\/movementarena.pl\/gdansk\/ferie-zimowe-2026\/","url":"https:\/\/movementarena.pl\/gdansk\/ferie-zimowe-2026\/","name":"Ferie Zimowe 2026 - Strona - Movement Arena - Parkour | trampoliny | kalistenika | fitness. - Zaj\u0119cia sportowe parkour dla dzieci","isPartOf":{"@id":"https:\/\/movementarena.pl\/gdansk\/#website"},"primaryImageOfPage":{"@id":"https:\/\/movementarena.pl\/gdansk\/ferie-zimowe-2026\/#primaryimage"},"image":{"@id":"https:\/\/movementarena.pl\/gdansk\/ferie-zimowe-2026\/#primaryimage"},"thumbnailUrl":"https:\/\/movementarena.pl\/gdansk\/wp-content\/uploads\/2025\/10\/Ferie_Zimowe_2026-plakat.jpg","datePublished":"2025-10-27T20:35:31+00:00","dateModified":"2026-01-18T20:38:43+00:00","description":"Movement Arena to pierwsza sala do parkour w Polsce. Bezpieczne przeszkody, trampoliny, strefa ta\u0144ca z lustrami. Zapraszamy na zaj\u0119cia sportowe dla dzieci - parkour, trampoliny, skoki na poduch\u0119 powietrzn\u0105! Sportowe urodziny dla dzieci.","breadcrumb":{"@id":"https:\/\/movementarena.pl\/gdansk\/ferie-zimowe-2026\/#breadcrumb"},"inLanguage":"pl-PL","potentialAction":[{"@type":"ReadAction","target":["https:\/\/movementarena.pl\/gdansk\/ferie-zimowe-2026\/"]}]},{"@type":"ImageObject","inLanguage":"pl-PL","@id":"https:\/\/movementarena.pl\/gdansk\/ferie-zimowe-2026\/#primaryimage","url":"https:\/\/movementarena.pl\/gdansk\/wp-content\/uploads\/2025\/10\/Ferie_Zimowe_2026-plakat.jpg","contentUrl":"https:\/\/movementarena.pl\/gdansk\/wp-content\/uploads\/2025\/10\/Ferie_Zimowe_2026-plakat.jpg","width":1414,"height":2000},{"@type":"BreadcrumbList","@id":"https:\/\/movementarena.pl\/gdansk\/ferie-zimowe-2026\/#breadcrumb","itemListElement":[{"@type":"ListItem","position":1,"name":"Strona g\u0142\u00f3wna","item":"https:\/\/movementarena.pl\/gdansk\/"},{"@type":"ListItem","position":2,"name":"Ferie Zimowe 2026 &#8211; Strona"}]},{"@type":"WebSite","@id":"https:\/\/movementarena.pl\/gdansk\/#website","url":"https:\/\/movementarena.pl\/gdansk\/","name":"Movement Arena - Parkour | trampoliny | kalistenika | fitness.","description":"Zaj\u0119cia sportowe dla dzieci | Parkour | Trampoliny","publisher":{"@id":"https:\/\/movementarena.pl\/gdansk\/#organization"},"alternateName":"Movement Arena Gda\u0144sk","potentialAction":[{"@type":"SearchAction","target":{"@type":"EntryPoint","urlTemplate":"https:\/\/movementarena.pl\/gdansk\/?s={search_term_string}"},"query-input":{"@type":"PropertyValueSpecification","valueRequired":true,"valueName":"search_term_string"}}],"inLanguage":"pl-PL"},{"@type":"Organization","@id":"https:\/\/movementarena.pl\/gdansk\/#organization","name":"Movement Arena","url":"https:\/\/movementarena.pl\/gdansk\/","logo":{"@type":"ImageObject","inLanguage":"pl-PL","@id":"https:\/\/movementarena.pl\/gdansk\/#\/schema\/logo\/image\/","url":"https:\/\/movementarena.pl\/gdansk\/wp-content\/uploads\/2021\/02\/logo-MovementArena-skrocone.jpg","contentUrl":"https:\/\/movementarena.pl\/gdansk\/wp-content\/uploads\/2021\/02\/logo-MovementArena-skrocone.jpg","width":884,"height":843,"caption":"Movement Arena"},"image":{"@id":"https:\/\/movementarena.pl\/gdansk\/#\/schema\/logo\/image\/"},"sameAs":["https:\/\/www.facebook.com\/movementarena\/","https:\/\/www.instagram.com\/movementarena\/"]}]}},"_links":{"self":[{"href":"https:\/\/movementarena.pl\/gdansk\/wp-json\/wp\/v2\/pages\/10559","targetHints":{"allow":["GET"]}}],"collection":[{"href":"https:\/\/movementarena.pl\/gdansk\/wp-json\/wp\/v2\/pages"}],"about":[{"href":"https:\/\/movementarena.pl\/gdansk\/wp-json\/wp\/v2\/types\/page"}],"author":[{"embeddable":true,"href":"https:\/\/movementarena.pl\/gdansk\/wp-json\/wp\/v2\/users\/1"}],"replies":[{"embeddable":true,"href":"https:\/\/movementarena.pl\/gdansk\/wp-json\/wp\/v2\/comments?post=10559"}],"version-history":[{"count":17,"href":"https:\/\/movementarena.pl\/gdansk\/wp-json\/wp\/v2\/pages\/10559\/revisions"}],"predecessor-version":[{"id":10769,"href":"https:\/\/movementarena.pl\/gdansk\/wp-json\/wp\/v2\/pages\/10559\/revisions\/10769"}],"wp:attachment":[{"href":"https:\/\/movementarena.pl\/gdansk\/wp-json\/wp\/v2\/media?parent=10559"}],"curies":[{"name":"wp","href":"https:\/\/api.w.org\/{rel}","templated":true}]}}